{"id":30,"date":"2024-12-26T21:34:30","date_gmt":"2024-12-27T00:34:30","guid":{"rendered":"https:\/\/melodiacriativa.com.br\/?page_id=30"},"modified":"2024-12-27T11:18:47","modified_gmt":"2024-12-27T14:18:47","slug":"sobre-mim","status":"publish","type":"page","link":"https:\/\/melodiacriativa.com.br\/","title":{"rendered":"Blogs"},"content":{"rendered":"\t\t<div data-elementor-type=\"wp-page\" data-elementor-id=\"30\" class=\"elementor elementor-30\">\n\t\t\t\t<div class=\"elementor-element elementor-element-6f4a6dd e-flex e-con-boxed e-con e-parent\" data-id=\"6f4a6dd\" data-element_type=\"container\" data-e-type=\"container\">\n\t\t\t\t\t<div class=\"e-con-inner\">\n\t\t\t\t<div class=\"elementor-element elementor-element-4116569 elementor-widget elementor-widget-elementskit-blog-posts\" data-id=\"4116569\" data-element_type=\"widget\" data-e-type=\"widget\" data-widget_type=\"elementskit-blog-posts.default\">\n\t\t\t\t<div class=\"elementor-widget-container\">\n\t\t\t\t\t<div class=\"ekit-wid-con\" >        <div id=\"post-items--4116569\" class=\"row post-items\">\n                    <div class=\"col-md-12\">\n\n                                    <div class=\"elementskit-blog-block-post\">\n                        <div class=\"row no-gutters\">\n                                                            <div class=\"col-md-6 order-1\">\n                                    <a href=\"https:\/\/melodiacriativa.com.br\/index.php\/2024\/12\/27\/o-papel-fundamental-do-vocal-na-musica\/\" class=\"elementskit-entry-thumb\">\n                                        <img decoding=\"async\" src=\"https:\/\/melodiacriativa.com.br\/wp-content\/uploads\/2024\/12\/pexels-cottonbro-7567328-1024x683.jpg\" alt=\"O Papel Fundamental do Vocal na M\u00fasica\">\n                                    <\/a><!-- .elementskit-entry-thumb END -->\n                                <\/div>\n                            \n                            <div class=\"col-md-6 order-2\">\n                                <div class=\"elementskit-post-body \">\n                                    <div class=\"elementskit-entry-header\">\n                                        \n                                                                                            \t\t\t\t\t                                            \n                                            \n                                                                                            \t\t\t\t<h2 class=\"entry-title\">\n\t\t\t\t\t<a href=\"https:\/\/melodiacriativa.com.br\/index.php\/2024\/12\/27\/o-papel-fundamental-do-vocal-na-musica\/\">\n\t\t\t\t\t\tO Papel Fundamental do Vocal na M\u00fasica\t\t\t\t\t<\/a>\n\t\t\t\t<\/h2>\n\t\t\t                                                                                <\/div><!-- .elementskit-entry-header END -->\n\n                                                                            <div class=\"elementskit-post-footer\">\n                                                                                            <p>Hoje, vamos explorar a import\u00e2ncia do vocal na m\u00fasica, destacando seus aspectos t\u00e9cnicos, emocionais e art\u00edsticos. Vamos tamb\u00e9m discutir como ele se relaciona com diferentes g\u00eaneros musicais e como a tecnologia est\u00e1 moldando o futuro da voz humana na m\u00fasica. A Voz como Instrumento Voc\u00ea sabia que a voz humana \u00e9 o instrumento mais antigo [&hellip;]<\/p>\n                                                                                                                                <\/div><!-- .elementskit-post-footer END -->\n                                                                    <\/div><!-- .elementskit-post-body END -->\n                            <\/div>\n                        <\/div>\n                    <\/div><!-- .elementskit-blog-block-post .radius .gradient-bg END -->\n                \n            <\/div>\n                    <div class=\"col-md-12\">\n\n                                    <div class=\"elementskit-blog-block-post\">\n                        <div class=\"row no-gutters\">\n                                                            <div class=\"col-md-6 order-1\">\n                                    <a href=\"https:\/\/melodiacriativa.com.br\/index.php\/2024\/12\/27\/138\/\" class=\"elementskit-entry-thumb\">\n                                        <img decoding=\"async\" src=\"https:\/\/melodiacriativa.com.br\/wp-content\/uploads\/2024\/01\/amigos-cantando-karaoke-em-um-partido-1024x683.jpg\" alt=\"Existe Apenas a Primeira e a Segunda Voz?\">\n                                    <\/a><!-- .elementskit-entry-thumb END -->\n                                <\/div>\n                            \n                            <div class=\"col-md-6 order-2\">\n                                <div class=\"elementskit-post-body \">\n                                    <div class=\"elementskit-entry-header\">\n                                        \n                                                                                            \t\t\t\t\t                                            \n                                            \n                                                                                            \t\t\t\t<h2 class=\"entry-title\">\n\t\t\t\t\t<a href=\"https:\/\/melodiacriativa.com.br\/index.php\/2024\/12\/27\/138\/\">\n\t\t\t\t\t\tExiste Apenas a Primeira e a Segunda Voz?\t\t\t\t\t<\/a>\n\t\t\t\t<\/h2>\n\t\t\t                                                                                <\/div><!-- .elementskit-entry-header END -->\n\n                                                                            <div class=\"elementskit-post-footer\">\n                                                                                            <p>A resposta para essa pergunta \u00e9 um sonoro n\u00e3o ! Hoje, vou te ajudar a entender melhor a diversidade das vozes na m\u00fasica. Essa d\u00favida \u00e9 comum entre aqueles que estudam teoria musical, especialmente quando ainda n\u00e3o exploraram profundamente a harmonia e as classifica\u00e7\u00f5es vocais. Para esclarecer, recorremos a obras de autores como Maria Priolli [&hellip;]<\/p>\n                                                                                                                                <\/div><!-- .elementskit-post-footer END -->\n                                                                    <\/div><!-- .elementskit-post-body END -->\n                            <\/div>\n                        <\/div>\n                    <\/div><!-- .elementskit-blog-block-post .radius .gradient-bg END -->\n                \n            <\/div>\n                <\/div>\n       <\/div>\t\t\t\t<\/div>\n\t\t\t\t<\/div>\n\t\t\t\t\t<\/div>\n\t\t\t\t<\/div>\n\t\t\t\t<\/div>\n\t\t","protected":false},"excerpt":{"rendered":"<p>O Papel Fundamental do Vocal na M\u00fasica Hoje, vamos explorar a import\u00e2ncia do vocal na m\u00fasica, destacando seus aspectos t\u00e9cnicos, emocionais e art\u00edsticos. Vamos tamb\u00e9m discutir como ele se relaciona com diferentes g\u00eaneros musicais e como a tecnologia est\u00e1 moldando o futuro da voz humana na m\u00fasica. A Voz como Instrumento Voc\u00ea sabia que a [&hellip;]<\/p>\n","protected":false},"author":1,"featured_media":0,"parent":0,"menu_order":0,"comment_status":"closed","ping_status":"closed","template":"elementor_header_footer","meta":{"footnotes":""},"class_list":["post-30","page","type-page","status-publish","hentry"],"yoast_head":"<!-- This site is optimized with the Yoast SEO plugin v21.8 - https:\/\/yoast.com\/wordpress\/plugins\/seo\/ -->\n<title>Blogs - Melodia Criativa<\/title>\n<meta name=\"robots\" content=\"index, follow, max-snippet:-1, max-image-preview:large, max-video-preview:-1\" \/>\n<link rel=\"canonical\" href=\"https:\/\/melodiacriativa.com.br\/\" \/>\n<meta property=\"og:locale\" content=\"en_US\" \/>\n<meta property=\"og:type\" content=\"article\" \/>\n<meta property=\"og:title\" content=\"Blogs - Melodia Criativa\" \/>\n<meta property=\"og:description\" content=\"O Papel Fundamental do Vocal na M\u00fasica Hoje, vamos explorar a import\u00e2ncia do vocal na m\u00fasica, destacando seus aspectos t\u00e9cnicos, emocionais e art\u00edsticos. Vamos tamb\u00e9m discutir como ele se relaciona com diferentes g\u00eaneros musicais e como a tecnologia est\u00e1 moldando o futuro da voz humana na m\u00fasica. A Voz como Instrumento Voc\u00ea sabia que a [&hellip;]\" \/>\n<meta property=\"og:url\" content=\"https:\/\/melodiacriativa.com.br\/\" \/>\n<meta property=\"og:site_name\" content=\"Melodia Criativa\" \/>\n<meta property=\"article:modified_time\" content=\"2024-12-27T14:18:47+00:00\" \/>\n<meta property=\"og:image\" content=\"https:\/\/melodiacriativa.com.br\/wp-content\/uploads\/2024\/12\/pexels-cottonbro-7567328-1024x683.jpg\" \/>\n<meta name=\"twitter:card\" content=\"summary_large_image\" \/>\n<meta name=\"twitter:label1\" content=\"Est. reading time\" \/>\n\t<meta name=\"twitter:data1\" content=\"2 minutes\" \/>\n<script type=\"application\/ld+json\" class=\"yoast-schema-graph\">{\"@context\":\"https:\/\/schema.org\",\"@graph\":[{\"@type\":\"WebPage\",\"@id\":\"https:\/\/melodiacriativa.com.br\/\",\"url\":\"https:\/\/melodiacriativa.com.br\/\",\"name\":\"Blogs - Melodia Criativa\",\"isPartOf\":{\"@id\":\"https:\/\/melodiacriativa.com.br\/#website\"},\"datePublished\":\"2024-12-27T00:34:30+00:00\",\"dateModified\":\"2024-12-27T14:18:47+00:00\",\"breadcrumb\":{\"@id\":\"https:\/\/melodiacriativa.com.br\/#breadcrumb\"},\"inLanguage\":\"en-US\",\"potentialAction\":[{\"@type\":\"ReadAction\",\"target\":[\"https:\/\/melodiacriativa.com.br\/\"]}]},{\"@type\":\"BreadcrumbList\",\"@id\":\"https:\/\/melodiacriativa.com.br\/#breadcrumb\",\"itemListElement\":[{\"@type\":\"ListItem\",\"position\":1,\"name\":\"In\u00edcio\",\"item\":\"https:\/\/melodiacriativa.com.br\/\"},{\"@type\":\"ListItem\",\"position\":2,\"name\":\"Blogs\"}]},{\"@type\":\"WebSite\",\"@id\":\"https:\/\/melodiacriativa.com.br\/#website\",\"url\":\"https:\/\/melodiacriativa.com.br\/\",\"name\":\"Melodia Criativa\",\"description\":\"\",\"potentialAction\":[{\"@type\":\"SearchAction\",\"target\":{\"@type\":\"EntryPoint\",\"urlTemplate\":\"https:\/\/melodiacriativa.com.br\/?s={search_term_string}\"},\"query-input\":\"required name=search_term_string\"}],\"inLanguage\":\"en-US\"}]}<\/script>\n<!-- \/ Yoast SEO plugin. -->","yoast_head_json":{"title":"Blogs - Melodia Criativa","robots":{"index":"index","follow":"follow","max-snippet":"max-snippet:-1","max-image-preview":"max-image-preview:large","max-video-preview":"max-video-preview:-1"},"canonical":"https:\/\/melodiacriativa.com.br\/","og_locale":"en_US","og_type":"article","og_title":"Blogs - Melodia Criativa","og_description":"O Papel Fundamental do Vocal na M\u00fasica Hoje, vamos explorar a import\u00e2ncia do vocal na m\u00fasica, destacando seus aspectos t\u00e9cnicos, emocionais e art\u00edsticos. Vamos tamb\u00e9m discutir como ele se relaciona com diferentes g\u00eaneros musicais e como a tecnologia est\u00e1 moldando o futuro da voz humana na m\u00fasica. A Voz como Instrumento Voc\u00ea sabia que a [&hellip;]","og_url":"https:\/\/melodiacriativa.com.br\/","og_site_name":"Melodia Criativa","article_modified_time":"2024-12-27T14:18:47+00:00","og_image":[{"url":"https:\/\/melodiacriativa.com.br\/wp-content\/uploads\/2024\/12\/pexels-cottonbro-7567328-1024x683.jpg"}],"twitter_card":"summary_large_image","twitter_misc":{"Est. reading time":"2 minutes"},"schema":{"@context":"https:\/\/schema.org","@graph":[{"@type":"WebPage","@id":"https:\/\/melodiacriativa.com.br\/","url":"https:\/\/melodiacriativa.com.br\/","name":"Blogs - Melodia Criativa","isPartOf":{"@id":"https:\/\/melodiacriativa.com.br\/#website"},"datePublished":"2024-12-27T00:34:30+00:00","dateModified":"2024-12-27T14:18:47+00:00","breadcrumb":{"@id":"https:\/\/melodiacriativa.com.br\/#breadcrumb"},"inLanguage":"en-US","potentialAction":[{"@type":"ReadAction","target":["https:\/\/melodiacriativa.com.br\/"]}]},{"@type":"BreadcrumbList","@id":"https:\/\/melodiacriativa.com.br\/#breadcrumb","itemListElement":[{"@type":"ListItem","position":1,"name":"In\u00edcio","item":"https:\/\/melodiacriativa.com.br\/"},{"@type":"ListItem","position":2,"name":"Blogs"}]},{"@type":"WebSite","@id":"https:\/\/melodiacriativa.com.br\/#website","url":"https:\/\/melodiacriativa.com.br\/","name":"Melodia Criativa","description":"","potentialAction":[{"@type":"SearchAction","target":{"@type":"EntryPoint","urlTemplate":"https:\/\/melodiacriativa.com.br\/?s={search_term_string}"},"query-input":"required name=search_term_string"}],"inLanguage":"en-US"}]}},"_links":{"self":[{"href":"https:\/\/melodiacriativa.com.br\/index.php\/wp-json\/wp\/v2\/pages\/30","targetHints":{"allow":["GET"]}}],"collection":[{"href":"https:\/\/melodiacriativa.com.br\/index.php\/wp-json\/wp\/v2\/pages"}],"about":[{"href":"https:\/\/melodiacriativa.com.br\/index.php\/wp-json\/wp\/v2\/types\/page"}],"author":[{"embeddable":true,"href":"https:\/\/melodiacriativa.com.br\/index.php\/wp-json\/wp\/v2\/users\/1"}],"replies":[{"embeddable":true,"href":"https:\/\/melodiacriativa.com.br\/index.php\/wp-json\/wp\/v2\/comments?post=30"}],"version-history":[{"count":17,"href":"https:\/\/melodiacriativa.com.br\/index.php\/wp-json\/wp\/v2\/pages\/30\/revisions"}],"predecessor-version":[{"id":170,"href":"https:\/\/melodiacriativa.com.br\/index.php\/wp-json\/wp\/v2\/pages\/30\/revisions\/170"}],"wp:attachment":[{"href":"https:\/\/melodiacriativa.com.br\/index.php\/wp-json\/wp\/v2\/media?parent=30"}],"curies":[{"name":"wp","href":"https:\/\/api.w.org\/{rel}","templated":true}]}}